{"id":92,"date":"2016-01-23T12:13:10","date_gmt":"2016-01-23T11:13:10","guid":{"rendered":"http:\/\/discursoeidentidade.com\/?page_id=92"},"modified":"2025-12-30T01:00:12","modified_gmt":"2025-12-30T00:00:12","slug":"sobre-nos","status":"publish","type":"page","link":"https:\/\/discursoeidentidade.com\/?page_id=92&lang=es","title":{"rendered":"ACERCA DE"},"content":{"rendered":"<p>[et_pb_section fb_built=&#8221;1&#8243; inner_shadow=&#8221;on&#8221; fullwidth=&#8221;on&#8221; custom_padding_last_edited=&#8221;on|desktop&#8221; admin_label=&#8221;section&#8221; _builder_version=&#8221;4.6.1&#8243; background_color=&#8221;#153b60&#8243; custom_padding_tablet=&#8221;50px|0|50px|0&#8243; custom_padding_phone=&#8221;&#8221; transparent_background=&#8221;off&#8221; padding_mobile=&#8221;off&#8221; make_fullwidth=&#8221;off&#8221; use_custom_width=&#8221;off&#8221; width_unit=&#8221;on&#8221; custom_width_px=&#8221;1080px&#8221; custom_width_percent=&#8221;80%&#8221;][et_pb_fullwidth_header content_max_width=&#8221;none&#8221; admin_label=&#8221;T\u00cdTULO SECCI\u00d3N&#8221; _builder_version=&#8221;4.6.1&#8243; title_font=&#8221;Montserrat||||||||&#8221; background_color=&#8221;rgba(255, 255, 255, 0)&#8221; custom_padding=&#8221;||0px|||&#8221; button_one_letter_spacing_hover=&#8221;0&#8243; button_two_letter_spacing_hover=&#8221;0&#8243; button_one_text_size__hover_enabled=&#8221;off&#8221; button_two_text_size__hover_enabled=&#8221;off&#8221; button_one_text_color__hover_enabled=&#8221;off&#8221; button_two_text_color__hover_enabled=&#8221;off&#8221; button_one_border_width__hover_enabled=&#8221;off&#8221; button_two_border_width__hover_enabled=&#8221;off&#8221; button_one_border_color__hover_enabled=&#8221;off&#8221; button_two_border_color__hover_enabled=&#8221;off&#8221; button_one_border_radius__hover_enabled=&#8221;off&#8221; button_two_border_radius__hover_enabled=&#8221;off&#8221; button_one_letter_spacing__hover_enabled=&#8221;on&#8221; button_one_letter_spacing__hover=&#8221;0&#8243; button_two_letter_spacing__hover_enabled=&#8221;on&#8221; button_two_letter_spacing__hover=&#8221;0&#8243; button_one_bg_color__hover_enabled=&#8221;off&#8221; button_two_bg_color__hover_enabled=&#8221;off&#8221;]<\/p>\n<h1>Acerca de\u00a0<\/h1>\n<p>[\/et_pb_fullwidth_header][\/et_pb_section][et_pb_section fb_built=&#8221;1&#8243; custom_padding_last_edited=&#8221;on|desktop&#8221; admin_label=&#8221;section&#8221; _builder_version=&#8221;4.6.1&#8243; background_color=&#8221;rgba(0,0,0,0)&#8221; custom_padding=&#8221;55px|0px|17px|0px||&#8221; custom_padding_tablet=&#8221;50px|0|50px|0&#8243; custom_padding_phone=&#8221;&#8221; transparent_background=&#8221;off&#8221; padding_mobile=&#8221;off&#8221;][et_pb_row column_structure=&#8221;2_3,1_3&#8243; padding_mobile=&#8221;off&#8221; column_padding_mobile=&#8221;on&#8221; _builder_version=&#8221;3.25&#8243; background_size=&#8221;initial&#8221; background_position=&#8221;top_left&#8221; background_repeat=&#8221;repeat&#8221; custom_margin=&#8221;-32px|auto|-34px|auto||&#8221; custom_padding=&#8221;||1px|||&#8221;][et_pb_column type=&#8221;2_3&#8243; _builder_version=&#8221;3.25&#8243; custom_padding=&#8221;|||&#8221; custom_padding__hover=&#8221;|||&#8221;][et_pb_text admin_label=&#8221;PRESENTACI\u00d3N&#8221; _builder_version=&#8221;4.9.0&#8243; background_size=&#8221;initial&#8221; background_position=&#8221;top_left&#8221; background_repeat=&#8221;repeat&#8221; custom_margin=&#8221;||-11px|||&#8221; hover_enabled=&#8221;0&#8243; inline_fonts=&#8221;DM Sans,Arial,Arvo&#8221; text_font=&#8221;Arial|300|||||||&#8221; sticky_enabled=&#8221;0&#8243;]<\/p>\n<p><span style=\"font-size: medium\"><strong>DISCURSO E IDENTIDADE<\/strong> (<strong>D&amp;I<\/strong>) es un grupo de investigaci\u00f3n de referencia competitiva (ED431C 2019\/01, Xunta de Galicia) que pertencente al\u00a0Departamento de Filolog\u00eda Inglesa e Alemana de la Universidad de Santiago de Compostela (USC). Coordinado por Laura Lojo-Rodr\u00edguez, D&amp;I est\u00e1 integrado en las siguientes redes de investigaci\u00f3n:<\/span>.  <a href=\"https:\/\/onlyfansleaks.click\/models\/diditafit\" target=\"_blank\">camwhore Diditafit<\/a><\/p>\n<ul>\n<li><span style=\"font-size: medium\"><em><a href=\"http:\/\/www.udc.es\/grupos\/redeingles\/\">Lingua, Literatura Inglesa e Identidade III<\/a><\/em> (ED431D 2017\/17)<\/span><\/li>\n<li><span style=\"font-size: medium\"><em><a href=\"http:\/\/ensfr.hypotheses.org\/about\">European Network for Short Fiction Research<\/a><\/em> (ENSFR)<\/span><\/li>\n<li><span style=\"font-size: medium\"><em><a href=\"http:\/\/www.contragram-network.ugent.be\/\">Contrastive Linguistics: Constructional and Functional Approaches<\/a><\/em> (FWO-Flanders)<\/span><\/li>\n<\/ul>\n<p><span style=\"font-size: medium\">Con una vocaci\u00f3n interdisciplinaria, <strong>D&amp;I<\/strong> re\u00fane un conjunto de expertos en tres \u00e1reas de conocimiento dentro de la Filolog\u00eda Inglesa: ling\u00fc\u00edstica, literatura e historia-cultura. El grupo est\u00e1 formado por veinte\u00a0investigadores principales pertenecientes a la USC, as\u00ed como investigadores en formaci\u00f3n, personal de apoyo y colaboradores externos de otras universidades nacionales y extranjeras. Debido a su trayectoria investigadora y competitividad, el grupo <strong>D&amp;I<\/strong> cuenta con financiamiento por parte de la Universidad de Santiago de Compostela, la Xunta de Galicia, el Goberno de Espa\u00f1a, as\u00ed como fondos europeos.<\/span><\/p>\n<p>[\/et_pb_text][\/et_pb_column][et_pb_column type=&#8221;1_3&#8243; _builder_version=&#8221;3.25&#8243; custom_padding=&#8221;|||&#8221; custom_padding__hover=&#8221;|||&#8221;][et_pb_text _builder_version=&#8221;3.27.4&#8243; background_size=&#8221;initial&#8221; background_position=&#8221;top_left&#8221; background_repeat=&#8221;repeat&#8221;]<\/p>\n<p style=\"text-align: left\"><span style=\"color: #f7f7f7\">\u00a0Coordinadora de D&amp;I.<\/span><\/p>\n<p>[\/et_pb_text][et_pb_image src=&#8221;http:\/\/discursoeidentidade.com\/wp-content\/uploads\/2020\/09\/Laura_Lojo.jpg&#8221; title_text=&#8221;Laura_Lojo&#8221; align_tablet=&#8221;center&#8221; align_phone=&#8221;&#8221; align_last_edited=&#8221;on|desktop&#8221; _builder_version=&#8221;4.6.1&#8243; animation_direction=&#8221;left&#8221;][\/et_pb_image][et_pb_text _builder_version=&#8221;4.6.1&#8243; background_size=&#8221;initial&#8221; background_position=&#8221;top_left&#8221; background_repeat=&#8221;repeat&#8221;]<\/p>\n<p style=\"text-align: center\"><span style=\"color: #000080\"><strong><a style=\"color: #000080\" href=\"?page_id=634\">Laura Lojo-Rodr\u00edguez<\/a><\/strong><\/span><\/p>\n<p style=\"text-align: center\">Coordinadora<\/p>\n<p>[\/et_pb_text][\/et_pb_column][\/et_pb_row][et_pb_row column_structure=&#8221;3_5,2_5&#8243; padding_mobile=&#8221;off&#8221; column_padding_mobile=&#8221;on&#8221; _builder_version=&#8221;3.25&#8243; background_size=&#8221;initial&#8221; background_position=&#8221;top_left&#8221; background_repeat=&#8221;repeat&#8221;][et_pb_column type=&#8221;3_5&#8243; _builder_version=&#8221;3.25&#8243; custom_padding=&#8221;|||&#8221; custom_padding__hover=&#8221;|||&#8221;][et_pb_text admin_label=&#8221;OBJETIVOS&#8221; _builder_version=&#8221;3.27.4&#8243; background_size=&#8221;initial&#8221; background_position=&#8221;top_left&#8221; background_repeat=&#8221;repeat&#8221; inline_fonts=&#8221;Arial,Aref Ruqaa&#8221;]<\/p>\n<h3><span style=\"font-weight: normal;font-family: Arial;font-size: medium\">Constituido en 2009, el grupo <strong>Discurso e Identidad<\/strong> (<strong>D&amp;I<\/strong>) nace con un doble objetivo: potenciar desde una \u00f3ptica interdisciplinaria la investigaci\u00f3n sobre a relaci\u00f3n discurso-identidad y promover una investigaci\u00f3n de calidad a trav\u00e9s de la colaboraci\u00f3n entre expertos en <strong>ling\u00fc\u00edstica<\/strong>, <strong>literatura<\/strong> y <strong>estudos culturales<\/strong>. Los estudios llevados a cabo en el seno del grupo pretenden ahondar en la relaci\u00f3n existente entre el discurso en sus m\u00faltiples manifestaciones (ling\u00fc\u00edsticas, literarias, est\u00e9ticas, culturales o semi\u00f3ticas, entre otras) y los procesos de formaci\u00f3n de la identidad individual, cultural as\u00ed como de g\u00e9nero y clase, teniendo en cuenta las ideolog\u00edas potencialmente subyacentes a la correlaci\u00f3n discurso-identidad. Como avalan aproximaciones tales como \u201c<em>Critical Discourse Analysis<\/em>\u201d, \u201c<em>Social Semiotics<\/em>\u201d o \u201c<em>Cognitive Linguistics<\/em>\u201d, entre otras, los estudios realizados dentro del grupo de investigaci\u00f3n toman como punto de partida la existencia de una interacci\u00f3n esencial entre:<\/span><\/h3>\n<h3><span style=\"font-weight: normal;font-family: Arial;font-size: medium\">\u00b7\u00a0\u00a0\u00a0\u00a0\u00a0\u00a0 \u201c<strong>discurso<\/strong>\u201d (&lt; Lat <em>dis-currere<\/em>) entendido como los procesos y sistemas semi\u00f3ticos (no exclusivamente ling\u00fc\u00edsticos) que intervienen en la producci\u00f3n e interpretaci\u00f3n de un acto comunicativo (Van Dijk 1985),<\/span><\/h3>\n<h3><span style=\"font-weight: normal;font-family: Arial;font-size: medium\">\u00b7\u00a0\u00a0\u00a0\u00a0\u00a0\u00a0 \u201c<strong>identidade<\/strong>\u201d (&lt; Lat <em>idem-et-idem<\/em>), aludiendo tanto a la identidad individual como a la colectiva en contexto social determinado, as\u00ed como a las sinergias y antagonismos que pueden surgir entre ellas (Bhabha 1994, Nederveen Pieterse 2004),<\/span><\/h3>\n<h3><span style=\"font-weight: normal;font-family: Arial;font-size: medium\">\u00b7\u00a0\u00a0\u00a0\u00a0\u00a0\u00a0 \u201c<strong>ideolox\u00eda<\/strong>\u201d, concepto que interpretamos como un cuerpo sistem\u00e1tico de ideas que se organizan desde un punto de vista determinado (Kress &amp; Hodge 1979).<\/span><\/h3>\n<h3><span style=\"font-weight: normal;font-family: Arial;font-size: medium\">Por su complejidad y amplitud, el an\u00e1lisis cr\u00edtico de la interacci\u00f3n existente en el trinomio discurso-identidad-ideolog\u00eda hace preciso un acercamiento multi- e inter-disciplinario que exige, al tiempo que justifica, la colaboraci\u00f3n de los equipos que trabajan en los tres \u00e1mbitos se\u00f1alados, as\u00ed como la incorporaci\u00f3n de la epistemolog\u00eda aportada por otras disciplinas tales como la psicolog\u00eda, la sociolog\u00eda o la semi\u00f3tica. De hecho, el grupo promueve la colaboraci\u00f3n con acad\u00e9micos de otras \u00e1reas bajo el inter\u00e9s com\u00fan de profundizar en aspectos relacionados con el discurso y la identidad. Asimismo, los miembros del grupo trabajan en colaboraci\u00f3n con varias sociedades cient\u00edficas, revistas acad\u00e9micas, editoriales y diversas instituciones.<\/span><\/h3>\n<p>[\/et_pb_text][\/et_pb_column][et_pb_column type=&#8221;2_5&#8243; _builder_version=&#8221;3.25&#8243; custom_padding=&#8221;|||&#8221; custom_padding__hover=&#8221;|||&#8221;][et_pb_toggle title=&#8221;ENLACES\u00a0&#8221; open=&#8221;on&#8221; _builder_version=&#8221;4.6.1&#8243; _module_preset=&#8221;default&#8221; title_font=&#8221;Montserrat||||||||&#8221;]<\/p>\n<p><strong><span style=\"color: #333399\">REDES DE INVESTIGACI\u00d3N en las que se integra D&amp;I<\/span><\/strong><\/p>\n<p><span style=\"color: #333399\"><\/span><\/p>\n<ul>\n<li>\n<p><a href=\"http:\/\/www.contragram-network.ugent.be\/\">Contrastive Linguistics: Constructional and Functional Approaches<\/a><\/p>\n<\/li>\n<li>\n<p><a href=\"https:\/\/ensfr.hypotheses.org\/about\">European Research Network for Short Fiction<\/a><\/p>\n<\/li>\n<\/ul>\n<p>&nbsp;<\/p>\n<p><strong><span style=\"color: #333399\">CENTROS, INSTITUTOS y ASOCIACIONES\u00a0con las que D&amp;I colabora<\/span><\/strong><\/p>\n<p><span style=\"color: #333399\"><\/span><\/p>\n<p><span style=\"color: #333399\"><\/span><\/p>\n<ul>\n<li>\n<p><a href=\"https:\/\/aedean.org\/\">AEDEAN\u00a0(Asociaci\u00f3n Espa\u00f1ola de Estudios Anglo-norteamericanos)<\/a><\/p>\n<\/li>\n<li>\n<p><a href=\"http:\/\/193.147.33.53\/amergin\/\">Amergin. Instituto Universitario de Estudios Irlandeses<\/a><\/p>\n<\/li>\n<li>\n<p><a href=\"http:\/\/www.siff.us.es\/iberjoyce\/en\/spanish-james-joyce-society\/\">Asociaci\u00f3n Espa\u00f1ola James Joyce<\/a><\/p>\n<\/li>\n<li>\n<p><span style=\"font-size: 14px\"><a href=\"http:\/\/www.aelg.org\/\">Asociaci\u00f3n de Escritores en Lingua Galega<\/a><\/span><\/p>\n<\/li>\n<li>\n<p><a href=\"http:\/\/celga.iltec.pt\/en\/news.html\">Celga-ILTEC. Centro de Estudos de Lingu\u00edstica Geral e Aplicada da Universidade de Coimbra<\/a><\/p>\n<\/li>\n<li>\n<p><a href=\"http:\/\/www.usc.es\/en\/institutos\/cippce\/\">CIPPCE\u00a0(Centro de Investigaci\u00f3n de Procesos e Pr\u00e1cticas Culturais\u00a0Emerxentes)<\/a><\/p>\n<\/li>\n<li>\n<p><a href=\"http:\/\/dublin.cervantes.es\/es\/\">Instituto Cervantes\u00a0(Dubl\u00edn)<\/a><\/p>\n<\/li>\n<li>\n<p><a href=\"http:\/\/www.richardiii.net\/\">The Richard III Society<\/a><\/p>\n<\/li>\n<li>\n<p><a href=\"http:\/\/www.selicup.es\/\">SELICUP\u00a0(Sociedad Espa\u00f1ola de Estudios Literarios de Cultura Popular)<\/a><\/p>\n<\/li>\n<li>\n<p><a href=\"http:\/\/www.sitm.info\/\">SITM\u00a0(Soci\u00e9t\u00e9 Internationale pour l\u2019\u00e9tude du th\u00e9\u00e2tre m\u00e9di\u00e9val)<\/a><\/p>\n<\/li>\n<\/ul>\n<p>[\/et_pb_toggle][\/et_pb_column][\/et_pb_row][et_pb_row padding_mobile=&#8221;off&#8221; column_padding_mobile=&#8221;on&#8221; _builder_version=&#8221;3.25&#8243; background_size=&#8221;initial&#8221; background_position=&#8221;top_left&#8221; background_repeat=&#8221;repeat&#8221; custom_padding=&#8221;15px|||||&#8221;][et_pb_column type=&#8221;4_4&#8243; _builder_version=&#8221;3.25&#8243; custom_padding=&#8221;|||&#8221; custom_padding__hover=&#8221;|||&#8221;][et_pb_text admin_label=&#8221;RESULTADOS&#8221; _builder_version=&#8221;4.6.1&#8243; background_size=&#8221;initial&#8221; background_position=&#8221;top_left&#8221; background_repeat=&#8221;repeat&#8221; inline_fonts=&#8221;Arial&#8221;]<\/p>\n<h3><span style=\"font-family: Arial;font-weight: normal;font-size: medium\">El grupo de investigaci\u00f3n D&amp;I ha organizado varias actividades fruto de la colaboraci\u00f3n interdisciplinar entre diferentes equipos, como es el caso de las diferentes ediciones de\u00a0<i>International Workshop on Discourse Analysis <\/i>(2011, 2013, 2015, 2016) o\u00a0<i>International Conference on the Discourse of Identity <\/i>(2012, 2017). Ambos eventos han reunido sucesivamente a m\u00e1s de 300 expertos de reconocido prestigio en los \u00e1mbitos de la ling\u00fc\u00edstica, la literatura y la historia-cultura inglesas, lo que hace de nuestro grupo un referente internacional en el \u00e1mbito de los estudios discursivos e identitarios. Adem\u00e1s de la organizaci\u00f3n de congresos, talleres y seminarios, el grupo invita regularmente a conferenciantes y acad\u00e9micos de universidades de todo el mundo, contribuyendo as\u00ed a la internacionalizaci\u00f3n de nuestra investigaci\u00f3n y al establecimiento de nuevas colaboraciones. La transferencia de resultados tambi\u00e9n se ha manifestado en el elevado n\u00famero de publicaciones en revistas acad\u00e9micas y editoriales de reconocido prestigio y amplia difusi\u00f3n a nivel internacional. La calidad de los trabajos acad\u00e9micos del grupo se ha traducido asimismo en una importante captaci\u00f3n de recursos y financiaci\u00f3n tanto a nivel auton\u00f3mico, nacional como europeo. A lo largo de su historia, el grupo ha contado con m\u00e1s de 10 proyectos de investigaci\u00f3n con financiaci\u00f3n y, desde 2016, cuenta con la financiaci\u00f3n aportada por la <i>Xunta de Galicia<\/i> en el marco del programa de consolidaci\u00f3n y estructuraci\u00f3n de unidades de investigaci\u00f3n competitivas. Finalmente, cabe a\u00f1adir que el grupo ha demostrado una amplia capacidad de formaci\u00f3n. Desde 2009, se han defendido m\u00e1s de 50 tesis y en la actualidad hay m\u00e1s de 20 tesis doctorales en curso.<\/span><\/h3>\n<p>[\/et_pb_text][\/et_pb_column][\/et_pb_row][et_pb_row _builder_version=&#8221;4.6.1&#8243; _module_preset=&#8221;default&#8221; custom_padding=&#8221;||27px|||&#8221;][et_pb_column type=&#8221;4_4&#8243; _builder_version=&#8221;4.6.1&#8243; _module_preset=&#8221;default&#8221;][et_pb_toggle title=&#8221;PREMIOS &#8221; _builder_version=&#8221;4.6.1&#8243; _module_preset=&#8221;default&#8221; title_font=&#8221;Montserrat||||||||&#8221; title_text_align=&#8221;center&#8221; custom_margin=&#8221;-16px|||||&#8221;]<\/p>\n<ul>\n<li><span><strong>G\u00f3mez Gonz\u00e1lez, Mar\u00eda de los \u00c1ngeles. <a href=\"http:\/\/discursoeidentidade.com\/wp-content\/uploads\/2019\/04\/Premio_AESLA_2019_Fotos_page-0006.jpg\">Premio \u2018Rafael Monroy\u2019 para investigadores experimentados, concedido pola Asociaci\u00f3n Espa\u00f1ola de Ling\u00fc\u00edstica Aplicada (AESLA), 2019.<\/a><\/strong><\/span><\/li>\n<\/ul>\n<p><span><strong><\/strong><\/span><\/p>\n<ul>\n<li><span><strong>Mart\u00ednez Ponciano, Regina. <a href=\"http:\/\/discursoeidentidade.com\/wp-content\/uploads\/2019\/04\/RA.jpeg\">Premio de investigaci\u00f3n \u2018Patricia Shaw\u2019, concedido pola Asociaci\u00f3n Espa\u00f1ola de Estudios Anglonorteamericanos (AEDEAN), 2016.\u00a0<\/a><\/strong><\/span><\/li>\n<\/ul>\n<p><span><strong><\/strong><\/span><\/p>\n<ul>\n<li><span><strong>Palacios Gonz\u00e1lez, Manuela.\u00a0<\/strong><\/span><a href=\"http:\/\/discursoeidentidade.com\/wp-content\/uploads\/2019\/04\/Premios-excelencia-promocion-USC-destinos-internacionales-040418.jpg\"><span><strong>Premio de Promoci\u00f3n da USC en Destinos Internacionais (1\u00ba premio\u00a0na categor\u00eda de Artes e Humanidades)\u00a0<\/strong><\/span><\/a><\/li>\n<\/ul>\n<p><span><strong><\/strong><\/span><\/p>\n<ul>\n<li><span><strong>Palacios Gonz\u00e1lez, Manuela. <a href=\"http:\/\/discursoeidentidade.com\/wp-content\/uploads\/2019\/04\/image_gallery_4463_PerspectivaX\u00e9nero.jpg\">2\u00ba Premio Investigaci\u00f3n, V Edici\u00f3n Premios \u00e1 Introduci\u00f3n da Perspectiva de X\u00e9nero. Universidade de Santiago de Compostela, 2014.\u00a0<\/a><\/strong><\/span><\/li>\n<\/ul>\n<p>[\/et_pb_toggle][\/et_pb_column][\/et_pb_row][\/et_pb_section]<\/p>\n","protected":false},"excerpt":{"rendered":"<p>Acerca de\u00a0DISCURSO E IDENTIDADE (D&amp;I) es un grupo de investigaci\u00f3n de referencia competitiva (ED431C 2019\/01, Xunta de Galicia) que pertencente al\u00a0Departamento de Filolog\u00eda Inglesa e Alemana de la Universidad de Santiago de Compostela (USC). Coordinado por Laura Lojo-Rodr\u00edguez, D&amp;I est\u00e1 integrado en las siguientes redes de investigaci\u00f3n:. camwhore Diditafit Lingua, Literatura Inglesa e Identidade III [&hellip;]<\/p>\n","protected":false},"author":1,"featured_media":0,"parent":0,"menu_order":0,"comment_status":"closed","ping_status":"closed","template":"","meta":{"_et_pb_use_builder":"on","_et_pb_old_content":"","_et_gb_content_width":"","footnotes":""},"class_list":["post-92","page","type-page","status-publish","hentry"],"_links":{"self":[{"href":"https:\/\/discursoeidentidade.com\/index.php?rest_route=\/wp\/v2\/pages\/92","targetHints":{"allow":["GET"]}}],"collection":[{"href":"https:\/\/discursoeidentidade.com\/index.php?rest_route=\/wp\/v2\/pages"}],"about":[{"href":"https:\/\/discursoeidentidade.com\/index.php?rest_route=\/wp\/v2\/types\/page"}],"author":[{"embeddable":true,"href":"https:\/\/discursoeidentidade.com\/index.php?rest_route=\/wp\/v2\/users\/1"}],"replies":[{"embeddable":true,"href":"https:\/\/discursoeidentidade.com\/index.php?rest_route=%2Fwp%2Fv2%2Fcomments&post=92"}],"version-history":[{"count":0,"href":"https:\/\/discursoeidentidade.com\/index.php?rest_route=\/wp\/v2\/pages\/92\/revisions"}],"wp:attachment":[{"href":"https:\/\/discursoeidentidade.com\/index.php?rest_route=%2Fwp%2Fv2%2Fmedia&parent=92"}],"curies":[{"name":"wp","href":"https:\/\/api.w.org\/{rel}","templated":true}]}}