{"id":444,"date":"2016-06-06T13:38:22","date_gmt":"2016-06-06T11:38:22","guid":{"rendered":"http:\/\/discursoeidentidade.com\/?page_id=444&#038;lang=es"},"modified":"2017-12-12T12:31:24","modified_gmt":"2017-12-12T11:31:24","slug":"444-2","status":"publish","type":"page","link":"https:\/\/discursoeidentidade.com\/?page_id=444&lang=es","title":{"rendered":"Susana Doval Su\u00e1rez"},"content":{"rendered":"<p>[et_pb_section bb_built=&#8221;1&#8243; admin_label=&#8221;section&#8221; transparent_background=&#8221;off&#8221; background_color=&#8221;#153b60&#8243; allow_player_pause=&#8221;off&#8221; inner_shadow=&#8221;on&#8221; parallax=&#8221;off&#8221; parallax_method=&#8221;off&#8221; padding_mobile=&#8221;off&#8221; make_fullwidth=&#8221;off&#8221; use_custom_width=&#8221;off&#8221; width_unit=&#8221;on&#8221; custom_width_px=&#8221;1080px&#8221; custom_width_percent=&#8221;80%&#8221; make_equal=&#8221;off&#8221; use_custom_gutter=&#8221;off&#8221; gutter_width=&#8221;3&#8243; fullwidth=&#8221;on&#8221; specialty=&#8221;off&#8221; disabled=&#8221;off&#8221; custom_padding_tablet=&#8221;50px|0|50px|0&#8243; custom_padding_last_edited=&#8221;on|desktop&#8221;][et_pb_fullwidth_header admin_label=&#8221;T\u00cdTULO SECCI\u00d3N&#8221; title=&#8221;Susana Doval Su\u00e1rez&#8221; background_layout=&#8221;dark&#8221; text_orientation=&#8221;left&#8221; header_fullscreen=&#8221;off&#8221; header_scroll_down=&#8221;off&#8221; scroll_down_icon=&#8221;;&#8221; parallax=&#8221;off&#8221; parallax_method=&#8221;off&#8221; content_orientation=&#8221;center&#8221; image_orientation=&#8221;center&#8221; title_font_size=&#8221;30px&#8221; content_font_size=&#8221;14px&#8221; custom_button_one=&#8221;off&#8221; button_one_text_size=&#8221;20&#8243; button_one_letter_spacing=&#8221;0&#8243; button_one_use_icon=&#8221;default&#8221; button_one_icon_placement=&#8221;right&#8221; button_one_on_hover=&#8221;on&#8221; button_one_letter_spacing_hover=&#8221;0&#8243; custom_button_two=&#8221;off&#8221; button_two_text_size=&#8221;20&#8243; button_two_letter_spacing=&#8221;0&#8243; button_two_use_icon=&#8221;default&#8221; button_two_icon_placement=&#8221;right&#8221; button_two_on_hover=&#8221;on&#8221; button_two_letter_spacing_hover=&#8221;0&#8243; disabled=&#8221;off&#8221; \/][\/et_pb_section][et_pb_section bb_built=&#8221;1&#8243; admin_label=&#8221;section&#8221; transparent_background=&#8221;off&#8221; background_color=&#8221;#f7f7f7&#8243; allow_player_pause=&#8221;off&#8221; inner_shadow=&#8221;off&#8221; parallax=&#8221;off&#8221; parallax_method=&#8221;off&#8221; custom_padding=&#8221;54px|0px|54px|0px&#8221; padding_mobile=&#8221;off&#8221; make_fullwidth=&#8221;off&#8221; use_custom_width=&#8221;off&#8221; width_unit=&#8221;on&#8221; custom_width_px=&#8221;1080px&#8221; custom_width_percent=&#8221;80%&#8221; make_equal=&#8221;off&#8221; use_custom_gutter=&#8221;off&#8221; fullwidth=&#8221;off&#8221; specialty=&#8221;off&#8221; disabled=&#8221;off&#8221; custom_padding_tablet=&#8221;50px|0|50px|0&#8243; custom_padding_last_edited=&#8221;on|desktop&#8221;][et_pb_row make_fullwidth=&#8221;on&#8221; use_custom_width=&#8221;off&#8221; width_unit=&#8221;on&#8221; custom_width_px=&#8221;1080px&#8221; custom_width_percent=&#8221;80%&#8221; use_custom_gutter=&#8221;off&#8221; gutter_width=&#8221;3&#8243; padding_mobile=&#8221;off&#8221; background_color=&#8221;#f7f7f7&#8243; allow_player_pause=&#8221;off&#8221; parallax=&#8221;off&#8221; parallax_method=&#8221;off&#8221; make_equal=&#8221;off&#8221; column_padding_mobile=&#8221;on&#8221; parallax_1=&#8221;off&#8221; parallax_method_1=&#8221;off&#8221; parallax_2=&#8221;off&#8221; parallax_method_2=&#8221;off&#8221; parallax_3=&#8221;off&#8221; parallax_method_3=&#8221;on&#8221; parallax_4=&#8221;off&#8221; parallax_method_4=&#8221;on&#8221; disabled=&#8221;off&#8221; background_position=&#8221;top_left&#8221; background_repeat=&#8221;repeat&#8221; background_size=&#8221;initial&#8221;][et_pb_column type=&#8221;1_4&#8243;][et_pb_text background_layout=&#8221;light&#8221; text_orientation=&#8221;left&#8221; use_border_color=&#8221;off&#8221; border_color=&#8221;#ffffff&#8221; border_style=&#8221;solid&#8221; module_alignment=&#8221;left&#8221; background_position=&#8221;top_left&#8221; background_repeat=&#8221;repeat&#8221; background_size=&#8221;initial&#8221; \/][\/et_pb_column][et_pb_column type=&#8221;1_4&#8243;][et_pb_image src=&#8221;http:\/\/discursoeidentidade.com\/wp-content\/uploads\/2016\/06\/Fotograf\u00eda.png&#8221; show_in_lightbox=&#8221;on&#8221; url_new_window=&#8221;off&#8221; use_overlay=&#8221;off&#8221; sticky=&#8221;off&#8221; align=&#8221;left&#8221; force_fullwidth=&#8221;on&#8221; always_center_on_mobile=&#8221;on&#8221; use_border_color=&#8221;off&#8221; border_color=&#8221;#ffffff&#8221; border_width=&#8221;1px&#8221; border_style=&#8221;solid&#8221; disabled=&#8221;off&#8221; animation_style=&#8221;slide&#8221; animation_duration=&#8221;500ms&#8221; animation_intensity_slide=&#8221;10%&#8221; animation_direction=&#8221;left&#8221; \/][\/et_pb_column][et_pb_column type=&#8221;1_2&#8243;][et_pb_text background_layout=&#8221;light&#8221; disabled=&#8221;off&#8221; module_alignment=&#8221;left&#8221; background_position=&#8221;top_left&#8221; background_repeat=&#8221;repeat&#8221; background_size=&#8221;initial&#8221; _builder_version=&#8221;3.0.86&#8243;]<\/p>\n<h2><\/h2>\n<h2><strong>Susana Doval Su\u00e1rez<\/strong><\/h2>\n<h4 style=\"text-align: justify;\"><strong>Susana M\u00aa Doval Su\u00e1rez <\/strong>es Profesora Titular en la Universidad de Santiago de Compostela\u00a0 (USC) donde imparte asignaturas de morfolog\u00eda y sintaxis, entre otras. Sus intereses investigadores incluyen el aprendizaje de segundas lenguas y, en particular, la adquisici\u00f3n de competencias discursivas y ortogr\u00e1ficas. En esta l\u00ednea, ha publicado m\u00faltiples contribuciones como <em>The Acquisiton of L2-English Spelling <\/em>(2004). Doval Su\u00e1rez tambi\u00e9n ha desarrollado estudios de investigaci\u00f3n en el \u00e1mbito de la ling\u00fc\u00edstica contrastiva y el an\u00e1lisis (contrastivo) del discurso. Ha co-editado, entre otros, los vol\u00famenes <span style=\"color: #000080;\"><a style=\"color: #000080;\" href=\"https:\/\/www.equinoxpub.com\/home\/contrastive-discourse-analysis\/\" target=\"_blank\" rel=\"noopener noreferrer\"><em>Contrastive Discourse Analysis: Functional and Corpus Perspectives<\/em><\/a><\/span> (2013) y <span style=\"color: #000080;\"><a style=\"color: #000080;\" href=\"https:\/\/www.benjamins.com\/#catalog\/books\/pbns.140\/main\" target=\"_blank\" rel=\"noopener noreferrer\"><em>The Dynamics of Language Use: Functional and Contrastive Perspectives<\/em><\/a><\/span> (2005).<\/h4>\n<p>&nbsp;<\/p>\n<h4><strong>Correo electr\u00f3nico<\/strong>: <span style=\"color: #000080;\"><a style=\"color: #000080;\" href=\"mailto:susanamaria.doval@usc.es\">susanamaria.doval@usc.es<\/a><\/span><\/h4>\n<h4><strong>Enlaces<\/strong>: <span style=\"color: #000080;\"><a style=\"color: #000080;\" href=\"http:\/\/www.scimitar.es\/\" target=\"_blank\" rel=\"noopener noreferrer\">http:\/\/www.scimitar.es <\/a><\/span><\/h4>\n<p>[\/et_pb_text][\/et_pb_column][\/et_pb_row][\/et_pb_section][et_pb_section bb_built=&#8221;1&#8243; admin_label=&#8221;section&#8221; transparent_background=&#8221;on&#8221; background_color=&#8221;rgba(255,255,255,0)&#8221; allow_player_pause=&#8221;off&#8221; inner_shadow=&#8221;off&#8221; parallax=&#8221;off&#8221; parallax_method=&#8221;off&#8221; padding_mobile=&#8221;off&#8221; make_fullwidth=&#8221;off&#8221; use_custom_width=&#8221;off&#8221; width_unit=&#8221;on&#8221; custom_width_px=&#8221;1080px&#8221; custom_width_percent=&#8221;80%&#8221; make_equal=&#8221;off&#8221; use_custom_gutter=&#8221;off&#8221; fullwidth=&#8221;off&#8221; specialty=&#8221;off&#8221; disabled=&#8221;off&#8221; custom_padding_tablet=&#8221;50px|0|50px|0&#8243; custom_padding_last_edited=&#8221;on|desktop&#8221;][et_pb_row make_fullwidth=&#8221;on&#8221; use_custom_width=&#8221;off&#8221; width_unit=&#8221;on&#8221; custom_width_px=&#8221;1080px&#8221; custom_width_percent=&#8221;80%&#8221; use_custom_gutter=&#8221;off&#8221; gutter_width=&#8221;3&#8243; padding_mobile=&#8221;off&#8221; background_color=&#8221;#ffffff&#8221; allow_player_pause=&#8221;off&#8221; parallax=&#8221;off&#8221; parallax_method=&#8221;off&#8221; make_equal=&#8221;off&#8221; column_padding_mobile=&#8221;on&#8221; parallax_1=&#8221;off&#8221; parallax_method_1=&#8221;off&#8221; parallax_2=&#8221;off&#8221; parallax_method_2=&#8221;on&#8221; parallax_3=&#8221;off&#8221; parallax_method_3=&#8221;on&#8221; parallax_4=&#8221;off&#8221; parallax_method_4=&#8221;on&#8221; disabled=&#8221;off&#8221; background_position=&#8221;top_left&#8221; background_repeat=&#8221;repeat&#8221; background_size=&#8221;initial&#8221;][et_pb_column type=&#8221;4_4&#8243;][et_pb_text background_layout=&#8221;light&#8221; text_orientation=&#8221;left&#8221; background_color=&#8221;#ffffff&#8221; use_border_color=&#8221;off&#8221; border_style=&#8221;solid&#8221; disabled=&#8221;off&#8221; module_alignment=&#8221;left&#8221; background_position=&#8221;top_left&#8221; background_repeat=&#8221;repeat&#8221; background_size=&#8221;initial&#8221;]<\/p>\n<h3><strong>Publicaciones Recientes:<\/strong><\/h3>\n<p>&nbsp;<\/p>\n<ul>\n<li style=\"text-align: justify;\">\n<h4><strong>\u201c<\/strong><strong>The Use of Extraposition in the Written Production of Spanish Advanced Learners of English\u201d<\/strong> (en coautor\u00eda con Elsa M\u00aa Gonz\u00e1lez \u00c1lvarez). <em>The Linguistics Journal\u00a0<\/em>10.1 (2016): 5-27.<\/h4>\n<\/li>\n<\/ul>\n<ul style=\"text-align: justify;\">\n<li>\n<h4><span style=\"color: #000080;\"><a style=\"color: #000080;\" href=\"https:\/\/www.equinoxpub.com\/home\/contrastive-discourse-analysis\/\" target=\"_blank\" rel=\"noopener noreferrer\"><strong><em>Contrastive Discourse Analysis: Functional and Corpus Perspectives<\/em><\/strong><\/a><\/span><strong>.<\/strong> Coeditado con Maite Taboada y Elsa M\u00aa Gonz\u00e1lez \u00c1lvarez. Sheffield: Equinox, 2013.<\/h4>\n<\/li>\n<\/ul>\n<ul style=\"text-align: justify;\">\n<li>\n<h4><strong>\u201c<\/strong><span style=\"color: #000080;\"><a style=\"color: #000080;\" href=\"https:\/\/journals.equinoxpub.com\/index.php\/LHS\/article\/view\/14617\" target=\"_blank\" rel=\"noopener noreferrer\"><strong>The Use of If-clefts in the Written Production of Spanish Advanced Learners of English<\/strong><\/a><\/span><strong>\u201d<\/strong> (en coautor\u00eda con Elsa M\u00aa Gonz\u00e1lez \u00c1lvarez). <em>Linguistics and the Human Sciences<\/em>1-3 (2012): 151-172.<\/h4>\n<\/li>\n<\/ul>\n<ul style=\"text-align: justify;\">\n<li>\n<h4><span style=\"color: #000080;\"><a style=\"color: #000080;\" href=\"https:\/\/www.benjamins.com\/#catalog\/books\/pbns.140\/main\" target=\"_blank\" rel=\"noopener noreferrer\"><strong><em>The Dynamics of Language Use: Functional and Contrastive Perspectives<\/em><\/strong><\/a><\/span>. Coeditado con Christopher S. Butler y Mar\u00eda de los \u00c1ngeles G\u00f3mez Gonz\u00e1lez. Amsterdam and Philadelphia: John Benjamins, 2005.<\/h4>\n<\/li>\n<\/ul>\n<ul>\n<li style=\"text-align: justify;\">\n<h4><strong><em>The Acquisiton of L2-English Spelling<\/em><\/strong>. Muenchen: Lincom Europa, 2004.<\/h4>\n<\/li>\n<\/ul>\n<p style=\"text-align: justify;\"><span style=\"color: #333333;\"><span style=\"font-size: 18px; line-height: 18px;\">\u00a0<\/span><\/span><\/p>\n<p>[\/et_pb_text][\/et_pb_column][\/et_pb_row][\/et_pb_section]<\/p>\n","protected":false},"excerpt":{"rendered":"<p>Susana Doval Su\u00e1rez Susana M\u00aa Doval Su\u00e1rez es Profesora Titular en la Universidad de Santiago de Compostela\u00a0 (USC) donde imparte asignaturas de morfolog\u00eda y sintaxis, entre otras. Sus intereses investigadores incluyen el aprendizaje de segundas lenguas y, en particular, la adquisici\u00f3n de competencias discursivas y ortogr\u00e1ficas. En esta l\u00ednea, ha publicado m\u00faltiples contribuciones como The [&hellip;]<\/p>\n","protected":false},"author":1,"featured_media":0,"parent":0,"menu_order":0,"comment_status":"closed","ping_status":"closed","template":"","meta":{"_et_pb_use_builder":"on","_et_pb_old_content":"","_et_gb_content_width":"","footnotes":""},"class_list":["post-444","page","type-page","status-publish","hentry"],"_links":{"self":[{"href":"https:\/\/discursoeidentidade.com\/index.php?rest_route=\/wp\/v2\/pages\/444","targetHints":{"allow":["GET"]}}],"collection":[{"href":"https:\/\/discursoeidentidade.com\/index.php?rest_route=\/wp\/v2\/pages"}],"about":[{"href":"https:\/\/discursoeidentidade.com\/index.php?rest_route=\/wp\/v2\/types\/page"}],"author":[{"embeddable":true,"href":"https:\/\/discursoeidentidade.com\/index.php?rest_route=\/wp\/v2\/users\/1"}],"replies":[{"embeddable":true,"href":"https:\/\/discursoeidentidade.com\/index.php?rest_route=%2Fwp%2Fv2%2Fcomments&post=444"}],"version-history":[{"count":0,"href":"https:\/\/discursoeidentidade.com\/index.php?rest_route=\/wp\/v2\/pages\/444\/revisions"}],"wp:attachment":[{"href":"https:\/\/discursoeidentidade.com\/index.php?rest_route=%2Fwp%2Fv2%2Fmedia&parent=444"}],"curies":[{"name":"wp","href":"https:\/\/api.w.org\/{rel}","templated":true}]}}